{"id":6,"date":"2020-09-28T13:28:09","date_gmt":"2020-09-28T11:28:09","guid":{"rendered":"https:\/\/www.diocese-montauban.fr\/zone-4\/?post_type=paroisse&#038;p=6"},"modified":"2024-02-14T11:32:22","modified_gmt":"2024-02-14T10:32:22","slug":"montech","status":"publish","type":"paroisse","link":"https:\/\/www.diocese-montauban.fr\/verdun\/paroisses\/montech\/","title":{"rendered":"Montech"},"content":{"rendered":"<div class=\"wp-block-image\">\n<figure class=\"aligncenter size-large\"><img decoding=\"async\" width=\"128\" height=\"96\" src=\"https:\/\/www.diocese-montauban.fr\/verdun\/wp-content\/uploads\/sites\/5\/2021\/02\/image.jpeg\" alt=\"\" class=\"wp-image-32\"\/><\/figure>\n<\/div>\n\n\n<p>L&#8217;ensemble paroissial de Montech est constitu\u00e9 de sept paroisses qui sont : &#8211; BOURRET &#8211; ESCATALENS &#8211; FINHAN -MONBEQUI &#8211; MONBARTIER &#8211; MONTECH &#8211; LACOURT SAINT-PIERRE<\/p>\n\n\n\n<h2 class=\"wp-block-heading has-text-align-center\"><strong>HORAIRES DES MESSES EN SEMAINE<\/strong><\/h2>\n\n\n\n<p class=\"has-text-align-center\"><strong>Du lundi au vendredi \u00e0 9 h \u00e0 la maison paroissiale<\/strong><\/p>\n\n\n\n<h2 class=\"wp-block-heading\">Documents \u00e0 t\u00e9l\u00e9charger<\/h2>\n\n\n\n<div class=\"wp-block-file\"><a id=\"wp-block-file--media-83555ee9-4067-47f9-87f0-a00b81d53ea5\" href=\"https:\/\/www.diocese-montauban.fr\/verdun\/wp-content\/uploads\/sites\/5\/2021\/02\/historique-notre-dame-de-la-visitation-de-montech.pdf\">Historique Notre Dame de la Visitation de Montech<\/a><a href=\"https:\/\/www.diocese-montauban.fr\/verdun\/wp-content\/uploads\/sites\/5\/2021\/02\/historique-notre-dame-de-la-visitation-de-montech.pdf\" class=\"wp-block-file__button wp-element-button\" download aria-describedby=\"wp-block-file--media-83555ee9-4067-47f9-87f0-a00b81d53ea5\">T\u00e9l\u00e9charger<\/a><\/div>\n\n\n\n<h2 class=\"wp-block-heading\">Photos : les \u00e9glises de notre secteur<\/h2>\n\n\n\n<figure class=\"wp-block-gallery has-nested-images columns-default is-cropped wp-block-gallery-1 is-layout-flex wp-block-gallery-is-layout-flex\">\n<figure class=\"wp-block-image size-large\"><img fetchpriority=\"high\" decoding=\"async\" width=\"300\" height=\"400\" data-id=\"73\" src=\"https:\/\/www.diocese-montauban.fr\/verdun\/wp-content\/uploads\/sites\/5\/2021\/02\/clocher-feuillade.jpg\" alt=\"\" class=\"wp-image-73\"\/><\/figure>\n\n\n\n<figure class=\"wp-block-image size-large\"><img decoding=\"async\" width=\"375\" height=\"500\" data-id=\"74\" src=\"https:\/\/www.diocese-montauban.fr\/verdun\/wp-content\/uploads\/sites\/5\/2021\/02\/clocher-montech.jpg\" alt=\"\" class=\"wp-image-74\"\/><\/figure>\n\n\n\n<figure class=\"wp-block-image size-large\"><img loading=\"lazy\" decoding=\"async\" width=\"762\" height=\"508\" data-id=\"75\" src=\"https:\/\/www.diocese-montauban.fr\/verdun\/wp-content\/uploads\/sites\/5\/2021\/02\/eglise-st-martin-de-finhan.jpg\" alt=\"\" class=\"wp-image-75\" srcset=\"https:\/\/www.diocese-montauban.fr\/verdun\/wp-content\/uploads\/sites\/5\/2021\/02\/eglise-st-martin-de-finhan.jpg 762w, https:\/\/www.diocese-montauban.fr\/verdun\/wp-content\/uploads\/sites\/5\/2021\/02\/eglise-st-martin-de-finhan-600x400.jpg 600w\" sizes=\"(max-width: 762px) 100vw, 762px\" \/><\/figure>\n\n\n\n<figure class=\"wp-block-image size-large\"><img loading=\"lazy\" decoding=\"async\" width=\"200\" height=\"303\" data-id=\"76\" src=\"https:\/\/www.diocese-montauban.fr\/verdun\/wp-content\/uploads\/sites\/5\/2021\/02\/eglise2-monbequi.jpg\" alt=\"\" class=\"wp-image-76\"\/><\/figure>\n\n\n\n<figure class=\"wp-block-image size-large\"><img loading=\"lazy\" decoding=\"async\" width=\"375\" height=\"560\" data-id=\"77\" src=\"https:\/\/www.diocese-montauban.fr\/verdun\/wp-content\/uploads\/sites\/5\/2021\/02\/escatalens.jpg\" alt=\"\" class=\"wp-image-77\"\/><\/figure>\n\n\n\n<figure class=\"wp-block-image size-large\"><img loading=\"lazy\" decoding=\"async\" width=\"448\" height=\"336\" data-id=\"78\" src=\"https:\/\/www.diocese-montauban.fr\/verdun\/wp-content\/uploads\/sites\/5\/2021\/02\/finhan_-3.jpg\" alt=\"\" class=\"wp-image-78\"\/><\/figure>\n\n\n\n<figure class=\"wp-block-image size-large\"><img loading=\"lazy\" decoding=\"async\" width=\"200\" height=\"328\" data-id=\"79\" src=\"https:\/\/www.diocese-montauban.fr\/verdun\/wp-content\/uploads\/sites\/5\/2021\/02\/lacourt_saint_pierre_.jpg\" alt=\"\" class=\"wp-image-79\"\/><\/figure>\n\n\n\n<figure class=\"wp-block-image size-large\"><img loading=\"lazy\" decoding=\"async\" width=\"448\" height=\"336\" data-id=\"80\" src=\"https:\/\/www.diocese-montauban.fr\/verdun\/wp-content\/uploads\/sites\/5\/2021\/02\/lacourt_saint_pierre_2.jpg\" alt=\"\" class=\"wp-image-80\"\/><\/figure>\n\n\n\n<figure class=\"wp-block-image size-large\"><img loading=\"lazy\" decoding=\"async\" width=\"768\" height=\"1024\" data-id=\"81\" src=\"https:\/\/www.diocese-montauban.fr\/verdun\/wp-content\/uploads\/sites\/5\/2021\/02\/montech_lafeuillade_lz_007.jpg\" alt=\"\" class=\"wp-image-81\" srcset=\"https:\/\/www.diocese-montauban.fr\/verdun\/wp-content\/uploads\/sites\/5\/2021\/02\/montech_lafeuillade_lz_007.jpg 768w, https:\/\/www.diocese-montauban.fr\/verdun\/wp-content\/uploads\/sites\/5\/2021\/02\/montech_lafeuillade_lz_007-450x600.jpg 450w\" sizes=\"(max-width: 768px) 100vw, 768px\" \/><\/figure>\n\n\n\n<figure class=\"wp-block-image size-large\"><img loading=\"lazy\" decoding=\"async\" width=\"642\" height=\"1024\" data-id=\"82\" src=\"https:\/\/www.diocese-montauban.fr\/verdun\/wp-content\/uploads\/sites\/5\/2021\/02\/vierge-lafeuillade.jpg\" alt=\"\" class=\"wp-image-82\" srcset=\"https:\/\/www.diocese-montauban.fr\/verdun\/wp-content\/uploads\/sites\/5\/2021\/02\/vierge-lafeuillade.jpg 642w, https:\/\/www.diocese-montauban.fr\/verdun\/wp-content\/uploads\/sites\/5\/2021\/02\/vierge-lafeuillade-376x600.jpg 376w\" sizes=\"(max-width: 642px) 100vw, 642px\" \/><\/figure>\n<\/figure>\n\n\n\n<p><\/p>\n","protected":false},"author":1,"featured_media":0,"parent":0,"menu_order":85,"template":"","meta":{"_acf_changed":false,"footnotes":""},"class_list":["post-6","paroisse","type-paroisse","status-publish","hentry"],"acf":[],"yoast_head":"<!-- This site is optimized with the Yoast SEO plugin v27.3 - https:\/\/yoast.com\/product\/yoast-seo-wordpress\/ -->\n<title>Montech - Verdun<\/title>\n<meta name=\"robots\" content=\"index, follow, max-snippet:-1, max-image-preview:large, max-video-preview:-1\" \/>\n<link rel=\"canonical\" href=\"https:\/\/www.diocese-montauban.fr\/verdun\/paroisses\/montech\/\" \/>\n<meta property=\"og:locale\" content=\"fr_FR\" \/>\n<meta property=\"og:type\" content=\"article\" \/>\n<meta property=\"og:title\" content=\"Montech - Verdun\" \/>\n<meta property=\"og:description\" content=\"L&#8217;ensemble paroissial de Montech est constitu\u00e9 de sept paroisses qui sont : &#8211; BOURRET &#8211; ESCATALENS &#8211; FINHAN -MONBEQUI &#8211; MONBARTIER &#8211; MONTECH &#8211; LACOURT SAINT-PIERRE HORAIRES DES MESSES EN [&hellip;]\" \/>\n<meta property=\"og:url\" content=\"https:\/\/www.diocese-montauban.fr\/verdun\/paroisses\/montech\/\" \/>\n<meta property=\"og:site_name\" content=\"Verdun\" \/>\n<meta property=\"article:modified_time\" content=\"2024-02-14T10:32:22+00:00\" \/>\n<meta property=\"og:image\" content=\"https:\/\/www.diocese-montauban.fr\/verdun\/wp-content\/uploads\/sites\/5\/2021\/02\/image.jpeg\" \/>\n<meta name=\"twitter:card\" content=\"summary_large_image\" \/>\n<meta name=\"twitter:label1\" content=\"Dur\u00e9e de lecture estim\u00e9e\" \/>\n\t<meta name=\"twitter:data1\" content=\"3 minutes\" \/>\n<script type=\"application\/ld+json\" class=\"yoast-schema-graph\">{\"@context\":\"https:\\\/\\\/schema.org\",\"@graph\":[{\"@type\":\"WebPage\",\"@id\":\"https:\\\/\\\/www.diocese-montauban.fr\\\/verdun\\\/paroisses\\\/montech\\\/\",\"url\":\"https:\\\/\\\/www.diocese-montauban.fr\\\/verdun\\\/paroisses\\\/montech\\\/\",\"name\":\"Montech - Verdun\",\"isPartOf\":{\"@id\":\"https:\\\/\\\/www.diocese-montauban.fr\\\/verdun\\\/#website\"},\"primaryImageOfPage\":{\"@id\":\"https:\\\/\\\/www.diocese-montauban.fr\\\/verdun\\\/paroisses\\\/montech\\\/#primaryimage\"},\"image\":{\"@id\":\"https:\\\/\\\/www.diocese-montauban.fr\\\/verdun\\\/paroisses\\\/montech\\\/#primaryimage\"},\"thumbnailUrl\":\"https:\\\/\\\/www.diocese-montauban.fr\\\/verdun\\\/wp-content\\\/uploads\\\/sites\\\/5\\\/2021\\\/02\\\/image.jpeg\",\"datePublished\":\"2020-09-28T11:28:09+00:00\",\"dateModified\":\"2024-02-14T10:32:22+00:00\",\"breadcrumb\":{\"@id\":\"https:\\\/\\\/www.diocese-montauban.fr\\\/verdun\\\/paroisses\\\/montech\\\/#breadcrumb\"},\"inLanguage\":\"fr-FR\",\"potentialAction\":[{\"@type\":\"ReadAction\",\"target\":[\"https:\\\/\\\/www.diocese-montauban.fr\\\/verdun\\\/paroisses\\\/montech\\\/\"]}]},{\"@type\":\"ImageObject\",\"inLanguage\":\"fr-FR\",\"@id\":\"https:\\\/\\\/www.diocese-montauban.fr\\\/verdun\\\/paroisses\\\/montech\\\/#primaryimage\",\"url\":\"https:\\\/\\\/www.diocese-montauban.fr\\\/verdun\\\/wp-content\\\/uploads\\\/sites\\\/5\\\/2021\\\/02\\\/image.jpeg\",\"contentUrl\":\"https:\\\/\\\/www.diocese-montauban.fr\\\/verdun\\\/wp-content\\\/uploads\\\/sites\\\/5\\\/2021\\\/02\\\/image.jpeg\",\"width\":128,\"height\":96},{\"@type\":\"BreadcrumbList\",\"@id\":\"https:\\\/\\\/www.diocese-montauban.fr\\\/verdun\\\/paroisses\\\/montech\\\/#breadcrumb\",\"itemListElement\":[{\"@type\":\"ListItem\",\"position\":1,\"name\":\"Accueil\",\"item\":\"https:\\\/\\\/www.diocese-montauban.fr\\\/verdun\\\/\"},{\"@type\":\"ListItem\",\"position\":2,\"name\":\"Montech\"}]},{\"@type\":\"WebSite\",\"@id\":\"https:\\\/\\\/www.diocese-montauban.fr\\\/verdun\\\/#website\",\"url\":\"https:\\\/\\\/www.diocese-montauban.fr\\\/verdun\\\/\",\"name\":\"Verdun\",\"description\":\"Dioc\u00e8se de Montauban\",\"potentialAction\":[{\"@type\":\"SearchAction\",\"target\":{\"@type\":\"EntryPoint\",\"urlTemplate\":\"https:\\\/\\\/www.diocese-montauban.fr\\\/verdun\\\/?s={search_term_string}\"},\"query-input\":{\"@type\":\"PropertyValueSpecification\",\"valueRequired\":true,\"valueName\":\"search_term_string\"}}],\"inLanguage\":\"fr-FR\"}]}<\/script>\n<!-- \/ Yoast SEO plugin. -->","yoast_head_json":{"title":"Montech - Verdun","robots":{"index":"index","follow":"follow","max-snippet":"max-snippet:-1","max-image-preview":"max-image-preview:large","max-video-preview":"max-video-preview:-1"},"canonical":"https:\/\/www.diocese-montauban.fr\/verdun\/paroisses\/montech\/","og_locale":"fr_FR","og_type":"article","og_title":"Montech - Verdun","og_description":"L&#8217;ensemble paroissial de Montech est constitu\u00e9 de sept paroisses qui sont : &#8211; BOURRET &#8211; ESCATALENS &#8211; FINHAN -MONBEQUI &#8211; MONBARTIER &#8211; MONTECH &#8211; LACOURT SAINT-PIERRE HORAIRES DES MESSES EN [&hellip;]","og_url":"https:\/\/www.diocese-montauban.fr\/verdun\/paroisses\/montech\/","og_site_name":"Verdun","article_modified_time":"2024-02-14T10:32:22+00:00","og_image":[{"url":"https:\/\/www.diocese-montauban.fr\/verdun\/wp-content\/uploads\/sites\/5\/2021\/02\/image.jpeg","type":"","width":"","height":""}],"twitter_card":"summary_large_image","twitter_misc":{"Dur\u00e9e de lecture estim\u00e9e":"3 minutes"},"schema":{"@context":"https:\/\/schema.org","@graph":[{"@type":"WebPage","@id":"https:\/\/www.diocese-montauban.fr\/verdun\/paroisses\/montech\/","url":"https:\/\/www.diocese-montauban.fr\/verdun\/paroisses\/montech\/","name":"Montech - Verdun","isPartOf":{"@id":"https:\/\/www.diocese-montauban.fr\/verdun\/#website"},"primaryImageOfPage":{"@id":"https:\/\/www.diocese-montauban.fr\/verdun\/paroisses\/montech\/#primaryimage"},"image":{"@id":"https:\/\/www.diocese-montauban.fr\/verdun\/paroisses\/montech\/#primaryimage"},"thumbnailUrl":"https:\/\/www.diocese-montauban.fr\/verdun\/wp-content\/uploads\/sites\/5\/2021\/02\/image.jpeg","datePublished":"2020-09-28T11:28:09+00:00","dateModified":"2024-02-14T10:32:22+00:00","breadcrumb":{"@id":"https:\/\/www.diocese-montauban.fr\/verdun\/paroisses\/montech\/#breadcrumb"},"inLanguage":"fr-FR","potentialAction":[{"@type":"ReadAction","target":["https:\/\/www.diocese-montauban.fr\/verdun\/paroisses\/montech\/"]}]},{"@type":"ImageObject","inLanguage":"fr-FR","@id":"https:\/\/www.diocese-montauban.fr\/verdun\/paroisses\/montech\/#primaryimage","url":"https:\/\/www.diocese-montauban.fr\/verdun\/wp-content\/uploads\/sites\/5\/2021\/02\/image.jpeg","contentUrl":"https:\/\/www.diocese-montauban.fr\/verdun\/wp-content\/uploads\/sites\/5\/2021\/02\/image.jpeg","width":128,"height":96},{"@type":"BreadcrumbList","@id":"https:\/\/www.diocese-montauban.fr\/verdun\/paroisses\/montech\/#breadcrumb","itemListElement":[{"@type":"ListItem","position":1,"name":"Accueil","item":"https:\/\/www.diocese-montauban.fr\/verdun\/"},{"@type":"ListItem","position":2,"name":"Montech"}]},{"@type":"WebSite","@id":"https:\/\/www.diocese-montauban.fr\/verdun\/#website","url":"https:\/\/www.diocese-montauban.fr\/verdun\/","name":"Verdun","description":"Dioc\u00e8se de Montauban","potentialAction":[{"@type":"SearchAction","target":{"@type":"EntryPoint","urlTemplate":"https:\/\/www.diocese-montauban.fr\/verdun\/?s={search_term_string}"},"query-input":{"@type":"PropertyValueSpecification","valueRequired":true,"valueName":"search_term_string"}}],"inLanguage":"fr-FR"}]}},"_links":{"self":[{"href":"https:\/\/www.diocese-montauban.fr\/verdun\/wp-json\/wp\/v2\/paroisse\/6","targetHints":{"allow":["GET"]}}],"collection":[{"href":"https:\/\/www.diocese-montauban.fr\/verdun\/wp-json\/wp\/v2\/paroisse"}],"about":[{"href":"https:\/\/www.diocese-montauban.fr\/verdun\/wp-json\/wp\/v2\/types\/paroisse"}],"author":[{"embeddable":true,"href":"https:\/\/www.diocese-montauban.fr\/verdun\/wp-json\/wp\/v2\/users\/1"}],"version-history":[{"count":8,"href":"https:\/\/www.diocese-montauban.fr\/verdun\/wp-json\/wp\/v2\/paroisse\/6\/revisions"}],"predecessor-version":[{"id":3130,"href":"https:\/\/www.diocese-montauban.fr\/verdun\/wp-json\/wp\/v2\/paroisse\/6\/revisions\/3130"}],"wp:attachment":[{"href":"https:\/\/www.diocese-montauban.fr\/verdun\/wp-json\/wp\/v2\/media?parent=6"}],"curies":[{"name":"wp","href":"https:\/\/api.w.org\/{rel}","templated":true}]}}