{"id":35,"date":"2021-02-16T16:22:57","date_gmt":"2021-02-16T15:22:57","guid":{"rendered":"https:\/\/www.diocese-montauban.fr\/verdun\/?post_type=paroisse&#038;p=35"},"modified":"2021-02-16T16:22:58","modified_gmt":"2021-02-16T15:22:58","slug":"secours-catholique","status":"publish","type":"paroisse","link":"https:\/\/www.diocese-montauban.fr\/verdun\/paroisses\/montech\/secours-catholique\/","title":{"rendered":"Secours Catholique"},"content":{"rendered":"\n<h2 class=\"wp-block-heading\">&#8220;COTE COEUR, COTE FRINGUES&#8221;<\/h2>\n\n\n\n<p><br>La dixi\u00e8me boutique solidaire de la r\u00e9gion Quercy (Lot et Tarn-et-Garonne)&nbsp;<br>avait ouvert ses portes en novembre 2010,&nbsp;<br>3, place Arnaud-Sorbin \u00e0 Montech.&nbsp;<br>Mardi 7 juin 2011, avait lieu l&#8217;inauguration officielle de cette boutique,&nbsp;<br>en pr\u00e9sence de Jacques Moignard, maire de Montech,&nbsp;<br>accompagn\u00e9 de plusieurs \u00e9lus, Gilbert Valentin, premier adjoint;&nbsp;<br>Isabelle Laveron, conseill\u00e8re municipale d\u00e9l\u00e9gu\u00e9e, et Xavier Rousseaux, conseiller municipal.<\/p>\n\n\n\n<p>De nombreux b\u00e9n\u00e9voles du Secours catholique \u00e9taient \u00e9galement pr\u00e9sents autour de Robert de Ternay, pr\u00e9sident du canton; Michel Ortalo, pr\u00e9sident d\u00e9partemental,&nbsp;<br>et Bruce Loffel, cur\u00e9 de la paroisse et aum\u00f4nier du Secours catholique.&nbsp;<\/p>\n\n\n\n<div class=\"wp-block-image\"><figure class=\"aligncenter size-large\"><img fetchpriority=\"high\" decoding=\"async\" width=\"400\" height=\"272\" src=\"https:\/\/www.diocese-montauban.fr\/verdun\/wp-content\/uploads\/sites\/5\/2021\/02\/image-1.jpeg\" alt=\"\" class=\"wp-image-36\"\/><\/figure><\/div>\n\n\n\n<p class=\"has-text-align-center\">Un lieu de rencontre&nbsp;<\/p>\n\n\n\n<p class=\"has-text-align-center\">Robert de Ternay a pr\u00e9sent\u00e9 cette boutique solidaire&nbsp;&#8220;C\u00f4t\u00e9 c\u0153ur, C\u00f4t\u00e9 fringues&#8221;&nbsp;<br>plus comme un lieu de rencontre, d&#8217;\u00e9change, d&#8217;\u00e9coute,&nbsp;<br>que d&#8217;un lieu d&#8217;achat \u00e0 bas prix de v\u00eatements.&nbsp;<br>\u00abParler, c&#8217;est se lib\u00e9rer, a dit Robert de Ternay. C&#8217;est une v\u00e9ritable th\u00e9rapie.&nbsp;<br>Il y aura toujours un b\u00e9n\u00e9vole \u00e0 l&#8217;\u00e9coute de celui qui est dans la peine,&nbsp;<br>pour l&#8217;accueillir dans un cadre convivial et m\u00eame confidentiel en cas de n\u00e9cessit\u00e9.\u00bb<\/p>\n\n\n\n<p class=\"has-text-align-center\">Le pr\u00e9sident d\u00e9partemental a rappel\u00e9 que c&#8217;\u00e9tait la dixi\u00e8me boutique qui ouvrait,&nbsp;<br>et il a remerci\u00e9 tous les b\u00e9n\u00e9voles qui entourent Robert de Ternay dans cette aventure.&nbsp;<br>\u00abTous les hommes ont la m\u00eame valeur, et les b\u00e9n\u00e9voles que vous \u00eates&nbsp;<br>sont au plus pr\u00e8s des plus pauvres, a dit Michel Ortalo.&nbsp;<br>Mais le Secours catholique, c&#8217;est aussi des participations \u00e0 des centres de vacances,&nbsp;<br>l&#8217;accueil de femmes en difficult\u00e9s, un accompagnement solidaire,&nbsp;<br>des cours de fran\u00e7ais \u00e0 des \u00e9trangers, etc.\u00bb<\/p>\n\n\n\n<p class=\"has-text-align-center\">Jacques Moignard a remerci\u00e9 et f\u00e9licit\u00e9 les b\u00e9n\u00e9voles et les services sociaux du conseil g\u00e9n\u00e9ral&nbsp;<br>qui travaillent en permanence avec le Secours catholique.&nbsp;<br>Il a soulign\u00e9 la bonne ambiance qui r\u00e9gnait dans l&#8217;\u00e9quipe&nbsp;<br>et l&#8217;excellent travail effectu\u00e9 dans ce lieu d&#8217;accueil.<\/p>\n\n\n\n<p class=\"has-text-align-center\">La boutique est ouverte tous les mardis de 9 heures \u00e0 12 heures.&nbsp;<\/p>\n\n\n\n<p class=\"has-text-align-center\">Journal &#8220;La D\u00e9p\u00eache&#8221; (09 Juin 2011)<\/p>\n\n\n\n<div class=\"wp-block-image\"><figure class=\"aligncenter size-large\"><img decoding=\"async\" width=\"188\" height=\"269\" src=\"https:\/\/www.diocese-montauban.fr\/verdun\/wp-content\/uploads\/sites\/5\/2021\/02\/image-2.jpeg\" alt=\"\" class=\"wp-image-37\"\/><\/figure><\/div>\n\n\n\n<p class=\"has-text-align-center\">Fond\u00e9 en 1946, le&nbsp;Secours Catholique-Caritas France&nbsp;est un service de l\u2019\u00c9glise catholique, membre de la conf\u00e9d\u00e9ration Caritas Internationalis.&nbsp;<br>Association loi 1901 \u00e0 but non lucratif et reconnue d\u2019utilit\u00e9 publique.&nbsp;<br><br>Il f\u00e9d\u00e8re un r\u00e9seau de 65 000 b\u00e9n\u00e9voles pour&nbsp;<em>\u00ab apporter, partout o\u00f9 le besoin s\u2019en fera sentir,&nbsp;<br>\u00e0 l\u2019exclusion de tout particularisme national ou confessionnel,&nbsp;<br>tout secours et toute aide directe ou indirecte,&nbsp;<br>morale ou mat\u00e9rielle, quelles que soient les options philosophiques&nbsp;<br>ou religieuses des b\u00e9n\u00e9ficiaires \u00bb (extrait des statuts, art. 1).&nbsp;<\/em><\/p>\n\n\n\n<p class=\"has-text-align-center\"><br>Fid\u00e8le \u00e0 l\u2019esprit des origines, le&nbsp;Secours Catholique&nbsp;enracine son action dans l\u2019\u00c9vangile et dans l\u2019enseignement social de l\u2019\u00c9glise :<\/p>\n\n\n\n<p class=\"has-text-align-center\">Le respect de la dignit\u00e9 de la personne humaine, la justice, la solidarit\u00e9, la fraternit\u00e9, la r\u00e9conciliation, la paix, l\u2019option pr\u00e9f\u00e9rentielle pour les pauvres, le d\u00e9veloppement int\u00e9gral de la personne humaine, la subsidiarit\u00e9, la destination universelle des biens, l\u2019indivisibilit\u00e9 des droits.&nbsp;<\/p>\n\n\n\n<figure class=\"wp-block-image size-large\"><img decoding=\"async\" width=\"248\" height=\"43\" src=\"https:\/\/www.diocese-montauban.fr\/verdun\/wp-content\/uploads\/sites\/5\/2021\/02\/image.png\" alt=\"\" class=\"wp-image-38\"\/><\/figure>\n\n\n\n<p><strong>Mission :<\/strong><\/p>\n\n\n\n<p>Le Secours Catholique a pour mission de faire rayonner la charit\u00e9 chr\u00e9tienne par la mise en \u0153uvre d\u2019une solidarit\u00e9 concr\u00e8te entre tous, en France et dans le monde.<\/p>\n\n\n\n<p>Il consid\u00e8re que les hommes, femmes, enfants vivant des situations de pauvret\u00e9 sont les premiers acteurs de leur d\u00e9veloppement.<\/p>\n\n\n\n<p>Il s\u2019engage \u00e0 leurs c\u00f4t\u00e9s pour lutter contre les causes de pauvret\u00e9 et d\u2019exclusion, et promouvoir le d\u00e9veloppement de la personne humaine dans toutes ses dimensions.<\/p>\n\n\n\n<p>Il recherche un partenariat militant avec les organisations qui partagent ses objectifs afin de promouvoir la justice sociale au sein des politiques locales, nationales et internationales.<\/p>\n\n\n\n<p>T\u00e9moignant de l\u2019\u00c9vangile, il invite chaque personne \u00e0 aller \u00e0 la rencontre des plus pauvres, \u00e0 se mettre \u00e0 leur \u00e9coute, \u00e0 les soutenir et \u00e0 s\u2019associer avec eux pour construire ensemble une soci\u00e9t\u00e9 juste et fraternelle.<\/p>\n","protected":false},"author":1,"featured_media":0,"parent":6,"menu_order":84,"template":"","meta":{"_acf_changed":false,"footnotes":""},"class_list":["post-35","paroisse","type-paroisse","status-publish","hentry"],"acf":[],"yoast_head":"<!-- This site is optimized with the Yoast SEO plugin v27.3 - https:\/\/yoast.com\/product\/yoast-seo-wordpress\/ -->\n<title>Secours Catholique - Verdun<\/title>\n<meta name=\"robots\" content=\"index, follow, max-snippet:-1, max-image-preview:large, max-video-preview:-1\" \/>\n<link rel=\"canonical\" href=\"https:\/\/www.diocese-montauban.fr\/verdun\/paroisses\/montech\/secours-catholique\/\" \/>\n<meta property=\"og:locale\" content=\"fr_FR\" \/>\n<meta property=\"og:type\" content=\"article\" \/>\n<meta property=\"og:title\" content=\"Secours Catholique - Verdun\" \/>\n<meta property=\"og:description\" content=\"&#8220;COTE COEUR, COTE FRINGUES&#8221; La dixi\u00e8me boutique solidaire de la r\u00e9gion Quercy (Lot et Tarn-et-Garonne)&nbsp;avait ouvert ses portes en novembre 2010,&nbsp;3, place Arnaud-Sorbin \u00e0 Montech.&nbsp;Mardi 7 juin 2011, avait lieu [&hellip;]\" \/>\n<meta property=\"og:url\" content=\"https:\/\/www.diocese-montauban.fr\/verdun\/paroisses\/montech\/secours-catholique\/\" \/>\n<meta property=\"og:site_name\" content=\"Verdun\" \/>\n<meta property=\"article:modified_time\" content=\"2021-02-16T15:22:58+00:00\" \/>\n<meta property=\"og:image\" content=\"https:\/\/www.diocese-montauban.fr\/verdun\/wp-content\/uploads\/sites\/5\/2021\/02\/image-1.jpeg\" \/>\n<meta name=\"twitter:card\" content=\"summary_large_image\" \/>\n<meta name=\"twitter:label1\" content=\"Dur\u00e9e de lecture estim\u00e9e\" \/>\n\t<meta name=\"twitter:data1\" content=\"4 minutes\" \/>\n<script type=\"application\/ld+json\" class=\"yoast-schema-graph\">{\"@context\":\"https:\\\/\\\/schema.org\",\"@graph\":[{\"@type\":\"WebPage\",\"@id\":\"https:\\\/\\\/www.diocese-montauban.fr\\\/verdun\\\/paroisses\\\/montech\\\/secours-catholique\\\/\",\"url\":\"https:\\\/\\\/www.diocese-montauban.fr\\\/verdun\\\/paroisses\\\/montech\\\/secours-catholique\\\/\",\"name\":\"Secours Catholique - Verdun\",\"isPartOf\":{\"@id\":\"https:\\\/\\\/www.diocese-montauban.fr\\\/verdun\\\/#website\"},\"primaryImageOfPage\":{\"@id\":\"https:\\\/\\\/www.diocese-montauban.fr\\\/verdun\\\/paroisses\\\/montech\\\/secours-catholique\\\/#primaryimage\"},\"image\":{\"@id\":\"https:\\\/\\\/www.diocese-montauban.fr\\\/verdun\\\/paroisses\\\/montech\\\/secours-catholique\\\/#primaryimage\"},\"thumbnailUrl\":\"https:\\\/\\\/www.diocese-montauban.fr\\\/verdun\\\/wp-content\\\/uploads\\\/sites\\\/5\\\/2021\\\/02\\\/image-1.jpeg\",\"datePublished\":\"2021-02-16T15:22:57+00:00\",\"dateModified\":\"2021-02-16T15:22:58+00:00\",\"breadcrumb\":{\"@id\":\"https:\\\/\\\/www.diocese-montauban.fr\\\/verdun\\\/paroisses\\\/montech\\\/secours-catholique\\\/#breadcrumb\"},\"inLanguage\":\"fr-FR\",\"potentialAction\":[{\"@type\":\"ReadAction\",\"target\":[\"https:\\\/\\\/www.diocese-montauban.fr\\\/verdun\\\/paroisses\\\/montech\\\/secours-catholique\\\/\"]}]},{\"@type\":\"ImageObject\",\"inLanguage\":\"fr-FR\",\"@id\":\"https:\\\/\\\/www.diocese-montauban.fr\\\/verdun\\\/paroisses\\\/montech\\\/secours-catholique\\\/#primaryimage\",\"url\":\"https:\\\/\\\/www.diocese-montauban.fr\\\/verdun\\\/wp-content\\\/uploads\\\/sites\\\/5\\\/2021\\\/02\\\/image-1.jpeg\",\"contentUrl\":\"https:\\\/\\\/www.diocese-montauban.fr\\\/verdun\\\/wp-content\\\/uploads\\\/sites\\\/5\\\/2021\\\/02\\\/image-1.jpeg\",\"width\":400,\"height\":272},{\"@type\":\"BreadcrumbList\",\"@id\":\"https:\\\/\\\/www.diocese-montauban.fr\\\/verdun\\\/paroisses\\\/montech\\\/secours-catholique\\\/#breadcrumb\",\"itemListElement\":[{\"@type\":\"ListItem\",\"position\":1,\"name\":\"Accueil\",\"item\":\"https:\\\/\\\/www.diocese-montauban.fr\\\/verdun\\\/\"},{\"@type\":\"ListItem\",\"position\":2,\"name\":\"Montech\",\"item\":\"https:\\\/\\\/www.diocese-montauban.fr\\\/verdun\\\/paroisses\\\/montech\\\/\"},{\"@type\":\"ListItem\",\"position\":3,\"name\":\"Secours Catholique\"}]},{\"@type\":\"WebSite\",\"@id\":\"https:\\\/\\\/www.diocese-montauban.fr\\\/verdun\\\/#website\",\"url\":\"https:\\\/\\\/www.diocese-montauban.fr\\\/verdun\\\/\",\"name\":\"Verdun\",\"description\":\"Dioc\u00e8se de Montauban\",\"potentialAction\":[{\"@type\":\"SearchAction\",\"target\":{\"@type\":\"EntryPoint\",\"urlTemplate\":\"https:\\\/\\\/www.diocese-montauban.fr\\\/verdun\\\/?s={search_term_string}\"},\"query-input\":{\"@type\":\"PropertyValueSpecification\",\"valueRequired\":true,\"valueName\":\"search_term_string\"}}],\"inLanguage\":\"fr-FR\"}]}<\/script>\n<!-- \/ Yoast SEO plugin. -->","yoast_head_json":{"title":"Secours Catholique - Verdun","robots":{"index":"index","follow":"follow","max-snippet":"max-snippet:-1","max-image-preview":"max-image-preview:large","max-video-preview":"max-video-preview:-1"},"canonical":"https:\/\/www.diocese-montauban.fr\/verdun\/paroisses\/montech\/secours-catholique\/","og_locale":"fr_FR","og_type":"article","og_title":"Secours Catholique - Verdun","og_description":"&#8220;COTE COEUR, COTE FRINGUES&#8221; La dixi\u00e8me boutique solidaire de la r\u00e9gion Quercy (Lot et Tarn-et-Garonne)&nbsp;avait ouvert ses portes en novembre 2010,&nbsp;3, place Arnaud-Sorbin \u00e0 Montech.&nbsp;Mardi 7 juin 2011, avait lieu [&hellip;]","og_url":"https:\/\/www.diocese-montauban.fr\/verdun\/paroisses\/montech\/secours-catholique\/","og_site_name":"Verdun","article_modified_time":"2021-02-16T15:22:58+00:00","og_image":[{"url":"https:\/\/www.diocese-montauban.fr\/verdun\/wp-content\/uploads\/sites\/5\/2021\/02\/image-1.jpeg","type":"","width":"","height":""}],"twitter_card":"summary_large_image","twitter_misc":{"Dur\u00e9e de lecture estim\u00e9e":"4 minutes"},"schema":{"@context":"https:\/\/schema.org","@graph":[{"@type":"WebPage","@id":"https:\/\/www.diocese-montauban.fr\/verdun\/paroisses\/montech\/secours-catholique\/","url":"https:\/\/www.diocese-montauban.fr\/verdun\/paroisses\/montech\/secours-catholique\/","name":"Secours Catholique - Verdun","isPartOf":{"@id":"https:\/\/www.diocese-montauban.fr\/verdun\/#website"},"primaryImageOfPage":{"@id":"https:\/\/www.diocese-montauban.fr\/verdun\/paroisses\/montech\/secours-catholique\/#primaryimage"},"image":{"@id":"https:\/\/www.diocese-montauban.fr\/verdun\/paroisses\/montech\/secours-catholique\/#primaryimage"},"thumbnailUrl":"https:\/\/www.diocese-montauban.fr\/verdun\/wp-content\/uploads\/sites\/5\/2021\/02\/image-1.jpeg","datePublished":"2021-02-16T15:22:57+00:00","dateModified":"2021-02-16T15:22:58+00:00","breadcrumb":{"@id":"https:\/\/www.diocese-montauban.fr\/verdun\/paroisses\/montech\/secours-catholique\/#breadcrumb"},"inLanguage":"fr-FR","potentialAction":[{"@type":"ReadAction","target":["https:\/\/www.diocese-montauban.fr\/verdun\/paroisses\/montech\/secours-catholique\/"]}]},{"@type":"ImageObject","inLanguage":"fr-FR","@id":"https:\/\/www.diocese-montauban.fr\/verdun\/paroisses\/montech\/secours-catholique\/#primaryimage","url":"https:\/\/www.diocese-montauban.fr\/verdun\/wp-content\/uploads\/sites\/5\/2021\/02\/image-1.jpeg","contentUrl":"https:\/\/www.diocese-montauban.fr\/verdun\/wp-content\/uploads\/sites\/5\/2021\/02\/image-1.jpeg","width":400,"height":272},{"@type":"BreadcrumbList","@id":"https:\/\/www.diocese-montauban.fr\/verdun\/paroisses\/montech\/secours-catholique\/#breadcrumb","itemListElement":[{"@type":"ListItem","position":1,"name":"Accueil","item":"https:\/\/www.diocese-montauban.fr\/verdun\/"},{"@type":"ListItem","position":2,"name":"Montech","item":"https:\/\/www.diocese-montauban.fr\/verdun\/paroisses\/montech\/"},{"@type":"ListItem","position":3,"name":"Secours Catholique"}]},{"@type":"WebSite","@id":"https:\/\/www.diocese-montauban.fr\/verdun\/#website","url":"https:\/\/www.diocese-montauban.fr\/verdun\/","name":"Verdun","description":"Dioc\u00e8se de Montauban","potentialAction":[{"@type":"SearchAction","target":{"@type":"EntryPoint","urlTemplate":"https:\/\/www.diocese-montauban.fr\/verdun\/?s={search_term_string}"},"query-input":{"@type":"PropertyValueSpecification","valueRequired":true,"valueName":"search_term_string"}}],"inLanguage":"fr-FR"}]}},"_links":{"self":[{"href":"https:\/\/www.diocese-montauban.fr\/verdun\/wp-json\/wp\/v2\/paroisse\/35","targetHints":{"allow":["GET"]}}],"collection":[{"href":"https:\/\/www.diocese-montauban.fr\/verdun\/wp-json\/wp\/v2\/paroisse"}],"about":[{"href":"https:\/\/www.diocese-montauban.fr\/verdun\/wp-json\/wp\/v2\/types\/paroisse"}],"author":[{"embeddable":true,"href":"https:\/\/www.diocese-montauban.fr\/verdun\/wp-json\/wp\/v2\/users\/1"}],"version-history":[{"count":1,"href":"https:\/\/www.diocese-montauban.fr\/verdun\/wp-json\/wp\/v2\/paroisse\/35\/revisions"}],"predecessor-version":[{"id":39,"href":"https:\/\/www.diocese-montauban.fr\/verdun\/wp-json\/wp\/v2\/paroisse\/35\/revisions\/39"}],"up":[{"embeddable":true,"href":"https:\/\/www.diocese-montauban.fr\/verdun\/wp-json\/wp\/v2\/paroisse\/6"}],"wp:attachment":[{"href":"https:\/\/www.diocese-montauban.fr\/verdun\/wp-json\/wp\/v2\/media?parent=35"}],"curies":[{"name":"wp","href":"https:\/\/api.w.org\/{rel}","templated":true}]}}