{"version":"1.0","provider_name":"Verdun","provider_url":"https:\/\/www.diocese-montauban.fr\/verdun","author_name":"admMon21_Dio","author_url":"https:\/\/www.diocese-montauban.fr\/verdun\/author\/admmon21_dio\/","title":"Messe de Saint-Blaise 2021 \u00e0 Gimat - Verdun","type":"rich","width":600,"height":338,"html":"<blockquote class=\"wp-embedded-content\" data-secret=\"MYdpgyJA5B\"><a href=\"https:\/\/www.diocese-montauban.fr\/verdun\/actualites\/messe-de-saint-blaise-2021-a-gimat\/\">Messe de Saint-Blaise 2021 \u00e0 Gimat<\/a><\/blockquote><iframe sandbox=\"allow-scripts\" security=\"restricted\" src=\"https:\/\/www.diocese-montauban.fr\/verdun\/actualites\/messe-de-saint-blaise-2021-a-gimat\/embed\/#?secret=MYdpgyJA5B\" width=\"600\" height=\"338\" title=\"\u00ab\u00a0Messe de Saint-Blaise 2021 \u00e0 Gimat\u00a0\u00bb &#8212; Verdun\" data-secret=\"MYdpgyJA5B\" frameborder=\"0\" marginwidth=\"0\" marginheight=\"0\" scrolling=\"no\" class=\"wp-embedded-content\"><\/iframe><script type=\"text\/javascript\">\n\/* <![CDATA[ *\/\n\/*! This file is auto-generated *\/\n!function(d,l){\"use strict\";l.querySelector&&d.addEventListener&&\"undefined\"!=typeof URL&&(d.wp=d.wp||{},d.wp.receiveEmbedMessage||(d.wp.receiveEmbedMessage=function(e){var t=e.data;if((t||t.secret||t.message||t.value)&&!\/[^a-zA-Z0-9]\/.test(t.secret)){for(var s,r,n,a=l.querySelectorAll('iframe[data-secret=\"'+t.secret+'\"]'),o=l.querySelectorAll('blockquote[data-secret=\"'+t.secret+'\"]'),c=new RegExp(\"^https?:$\",\"i\"),i=0;i<o.length;i++)o[i].style.display=\"none\";for(i=0;i<a.length;i++)s=a[i],e.source===s.contentWindow&&(s.removeAttribute(\"style\"),\"height\"===t.message?(1e3<(r=parseInt(t.value,10))?r=1e3:~~r<200&&(r=200),s.height=r):\"link\"===t.message&&(r=new URL(s.getAttribute(\"src\")),n=new URL(t.value),c.test(n.protocol))&&n.host===r.host&&l.activeElement===s&&(d.top.location.href=t.value))}},d.addEventListener(\"message\",d.wp.receiveEmbedMessage,!1),l.addEventListener(\"DOMContentLoaded\",function(){for(var e,t,s=l.querySelectorAll(\"iframe.wp-embedded-content\"),r=0;r<s.length;r++)(t=(e=s[r]).getAttribute(\"data-secret\"))||(t=Math.random().toString(36).substring(2,12),e.src+=\"#?secret=\"+t,e.setAttribute(\"data-secret\",t)),e.contentWindow.postMessage({message:\"ready\",secret:t},\"*\")},!1)))}(window,document);\n\/\/# sourceURL=https:\/\/www.diocese-montauban.fr\/verdun\/wp-includes\/js\/wp-embed.min.js\n\/* ]]> *\/\n<\/script>\n","thumbnail_url":"https:\/\/www.diocese-montauban.fr\/verdun\/wp-content\/uploads\/sites\/5\/2021\/02\/img-2947.jpg","thumbnail_width":1024,"thumbnail_height":768,"description":"Ce dimanche les fid\u00e8les du secteur pastoral d&#8217;Esparsac se retrouvent pour la traditionnelle messe de Saint-Blaise en l&#8217;\u00e9glise de Gimat. Une \u00e9glise remplie bien s\u00fbr car avec les restrictions sanitaires [&hellip;]"}