{"id":14,"date":"2026-04-02T13:17:50","date_gmt":"2026-04-02T11:17:50","guid":{"rendered":"https:\/\/www.diocese-montauban.fr\/zone-1\/?post_type=paroisse&#038;p=14"},"modified":"2026-04-02T13:17:51","modified_gmt":"2026-04-02T11:17:51","slug":"ensemble-paroissial-de-reynies","status":"publish","type":"paroisse","link":"https:\/\/www.diocese-montauban.fr\/grand-montauban\/paroisses\/ensemble-paroissial-de-reynies\/","title":{"rendered":"Reyni\u00e8s"},"content":{"rendered":"\n<div class=\"wp-block-buttons is-content-justification-center is-layout-flex wp-container-core-buttons-is-layout-16018d1d wp-block-buttons-is-layout-flex\">\n<div class=\"wp-block-button\"><a class=\"wp-block-button__link has-red-background-color has-background wp-element-button\" href=\"https:\/\/ensemble-paroissial-reynies.fr\">Site de l&#8217;Ensemble Paroissial de Reyni\u00e8s &#8211; Cliquez ICI<\/a><\/div>\n<\/div>\n\n\n\n<div style=\"height:14px\" aria-hidden=\"true\" class=\"wp-block-spacer\"><\/div>\n\n\n\n<div class=\"wp-block-group is-nowrap is-layout-flex wp-container-core-group-is-layout-ad2f72ca wp-block-group-is-layout-flex\">\n<figure class=\"wp-block-image size-medium\"><a href=\"https:\/\/ensemble-paroissial-reynies.fr\"><img fetchpriority=\"high\" decoding=\"async\" width=\"600\" height=\"356\" src=\"https:\/\/www.diocese-montauban.fr\/grand-montauban\/wp-content\/uploads\/sites\/2\/2023\/10\/carte-ensemble-paroissial-eglise-102023-600x356.jpg\" alt=\"\" class=\"wp-image-5312\" srcset=\"https:\/\/www.diocese-montauban.fr\/grand-montauban\/wp-content\/uploads\/sites\/2\/2023\/10\/carte-ensemble-paroissial-eglise-102023-600x356.jpg 600w, https:\/\/www.diocese-montauban.fr\/grand-montauban\/wp-content\/uploads\/sites\/2\/2023\/10\/carte-ensemble-paroissial-eglise-102023-768x456.jpg 768w, https:\/\/www.diocese-montauban.fr\/grand-montauban\/wp-content\/uploads\/sites\/2\/2023\/10\/carte-ensemble-paroissial-eglise-102023.jpg 1094w\" sizes=\"(max-width: 600px) 100vw, 600px\" \/><\/a><\/figure>\n\n\n\n<div class=\"wp-block-group is-vertical is-layout-flex wp-container-core-group-is-layout-8cf370e7 wp-block-group-is-layout-flex\">\n<p>Recouvrant <strong>9 communes<\/strong> : Bressols, Corbarieu, Labastide-Saint-Pierre, Nohic, Orgueil, Reyni\u00e8s, Saint-Nauphary, Varennes et Villebrumier, pour une population d\u2019environ 17.000 habitants, l\u2019ensemble paroissial de Reyni\u00e8s compte <strong>11 paroisses <\/strong>(Brial, Bressols, Charros, Corbarieu, Labastide-Saint-Pierre, Nohic, Orgueil, Reyni\u00e8s, Saint-Nauphary, Varennes, Villebrumier) et <strong>14 \u00e9glises et chapelles<\/strong>.<br>Il suit les berges de la rivi\u00e8re Tarn du sud de Montauban jusqu\u2019aux d\u00e9partements du Tarn et de la Haute-Garonne :<\/p>\n\n\n\n<ul class=\"wp-block-list\">\n<li>Sur la rive gauche de la rivi\u00e8re Tarn, il part de la commune de Bressols et va jusqu\u2019\u00e0 la commune de Nohic en passant par les communes de Labastide-Saint-Pierre et Orgueil.<\/li>\n\n\n\n<li>Sur la rive droite, il part de la commune de Corbarieu et va jusqu\u2019\u00e0 la commune de Villebrumier en passant par Reyni\u00e8s.&nbsp;Depuis Villebrumier, il s\u2019\u00e9tend vers le nord-est en montant&nbsp; sur les coteaux avec la commune de Varennes. Depuis Reyni\u00e8s il s\u2019\u00e9tend vers le nord en franchissant les coteaux pour rejoindre la commune de Saint-Nauphary.<\/li>\n<\/ul>\n<\/div>\n<\/div>\n\n\n\n<hr class=\"wp-block-separator has-css-opacity\"\/>\n\n\n\n<p class=\"has-medium-font-size\"><strong>Permanence \u00e0 la <a href=\"https:\/\/ensemble-paroissial-reynies.fr\/?page_id=1763\" target=\"_blank\" rel=\"noreferrer noopener\">maison paroissiale<\/a><\/strong> : tous les jeudis de 9h30 \u00e0 11h00<\/p>\n\n\n\n<hr class=\"wp-block-separator has-alpha-channel-opacity\"\/>\n\n\n\n<p>L&#8217;Ensemble Paroissial de Reyni\u00e8s a un site internet disjoint car en 2024 suite au projet de refonte du site internet dioc\u00e9sain, il avait \u00e9t\u00e9 indiqu\u00e9 au paroisses que le nouveau site dioc\u00e9sain ne contiendrait plus de pages d\u00e9di\u00e9es aux paroisses et que le nouveau site serait mis en \u0153uvre en d\u00e9cembre 2024. face \u00e0 cette situation qui allait nous privre de la solution de communication principale de l&#8217;Ensemble paroissial, un site internet pour l&#8217;Ensemble Paroissial a donc \u00e9t\u00e9 construit et mis en \u0153uvre en novembre 2024, vous y retrouvez toutes les informations, les actualit\u00e9s, les \u00e9v\u00e8nements, l&#8217;agenda paroissial, les pages du bapt\u00eame, du mariage, des fun\u00e9railles, les plans d&#8217;acc\u00e8s aux \u00e9glises, les albums photos, &#8230; Vous pouvez vous inscrire pour recevoir le bulletin mensuel et, si vous avez un mobile fonctionnant sous Android, vous pouvez souscrire pour \u00eatre notifi\u00e9 quand un \u00e9v\u00e8nement ou une actualit\u00e9s est publi\u00e9.<\/p>\n\n\n\n<p><\/p>\n\n\n\n<p><\/p>\n","protected":false},"author":8,"featured_media":0,"parent":0,"menu_order":3,"template":"","meta":{"_acf_changed":false,"footnotes":""},"class_list":["post-14","paroisse","type-paroisse","status-publish","hentry"],"acf":[],"yoast_head":"<!-- This site is optimized with the Yoast SEO plugin v27.3 - https:\/\/yoast.com\/product\/yoast-seo-wordpress\/ -->\n<title>Reyni\u00e8s - Grand Montauban<\/title>\n<meta name=\"description\" content=\"Page d&#039;accueil des paroisses de Brial, Bressols, Corbarieu, Labastide-Saint-Pierre, Nohic, Orgueil, Reyni\u00e8s, Varennes et Villebrumier qui constituent l&#039;Ensemble Paroissial de Reyni\u00e8s - Grand Montauban % %\" \/>\n<meta name=\"robots\" content=\"index, follow, max-snippet:-1, max-image-preview:large, max-video-preview:-1\" \/>\n<link rel=\"canonical\" href=\"https:\/\/www.diocese-montauban.fr\/grand-montauban\/paroisses\/ensemble-paroissial-de-reynies\/\" \/>\n<meta property=\"og:locale\" content=\"fr_FR\" \/>\n<meta property=\"og:type\" content=\"article\" \/>\n<meta property=\"og:title\" content=\"Reyni\u00e8s - Grand Montauban\" \/>\n<meta property=\"og:description\" content=\"Page d&#039;accueil des paroisses de Brial, Bressols, Corbarieu, Labastide-Saint-Pierre, Nohic, Orgueil, Reyni\u00e8s, Varennes et Villebrumier qui constituent l&#039;Ensemble Paroissial de Reyni\u00e8s - Grand Montauban % %\" \/>\n<meta property=\"og:url\" content=\"https:\/\/www.diocese-montauban.fr\/grand-montauban\/paroisses\/ensemble-paroissial-de-reynies\/\" \/>\n<meta property=\"og:site_name\" content=\"Grand Montauban\" \/>\n<meta property=\"article:modified_time\" content=\"2026-04-02T11:17:51+00:00\" \/>\n<meta property=\"og:image\" content=\"https:\/\/www.diocese-montauban.fr\/grand-montauban\/wp-content\/uploads\/sites\/2\/2023\/10\/carte-ensemble-paroissial-eglise-102023.jpg\" \/>\n\t<meta property=\"og:image:width\" content=\"1094\" \/>\n\t<meta property=\"og:image:height\" content=\"650\" \/>\n\t<meta property=\"og:image:type\" content=\"image\/jpeg\" \/>\n<meta name=\"twitter:card\" content=\"summary_large_image\" \/>\n<meta name=\"twitter:label1\" content=\"Dur\u00e9e de lecture estim\u00e9e\" \/>\n\t<meta name=\"twitter:data1\" content=\"2 minutes\" \/>\n<script type=\"application\/ld+json\" class=\"yoast-schema-graph\">{\"@context\":\"https:\\\/\\\/schema.org\",\"@graph\":[{\"@type\":\"WebPage\",\"@id\":\"https:\\\/\\\/www.diocese-montauban.fr\\\/grand-montauban\\\/paroisses\\\/ensemble-paroissial-de-reynies\\\/\",\"url\":\"https:\\\/\\\/www.diocese-montauban.fr\\\/grand-montauban\\\/paroisses\\\/ensemble-paroissial-de-reynies\\\/\",\"name\":\"Reyni\u00e8s - Grand Montauban\",\"isPartOf\":{\"@id\":\"https:\\\/\\\/www.diocese-montauban.fr\\\/grand-montauban\\\/#website\"},\"primaryImageOfPage\":{\"@id\":\"https:\\\/\\\/www.diocese-montauban.fr\\\/grand-montauban\\\/paroisses\\\/ensemble-paroissial-de-reynies\\\/#primaryimage\"},\"image\":{\"@id\":\"https:\\\/\\\/www.diocese-montauban.fr\\\/grand-montauban\\\/paroisses\\\/ensemble-paroissial-de-reynies\\\/#primaryimage\"},\"thumbnailUrl\":\"https:\\\/\\\/www.diocese-montauban.fr\\\/grand-montauban\\\/wp-content\\\/uploads\\\/sites\\\/2\\\/2023\\\/10\\\/carte-ensemble-paroissial-eglise-102023-600x356.jpg\",\"datePublished\":\"2026-04-02T11:17:50+00:00\",\"dateModified\":\"2026-04-02T11:17:51+00:00\",\"description\":\"Page d'accueil des paroisses de Brial, Bressols, Corbarieu, Labastide-Saint-Pierre, Nohic, Orgueil, Reyni\u00e8s, Varennes et Villebrumier qui constituent l'Ensemble Paroissial de Reyni\u00e8s - Grand Montauban % %\",\"breadcrumb\":{\"@id\":\"https:\\\/\\\/www.diocese-montauban.fr\\\/grand-montauban\\\/paroisses\\\/ensemble-paroissial-de-reynies\\\/#breadcrumb\"},\"inLanguage\":\"fr-FR\",\"potentialAction\":[{\"@type\":\"ReadAction\",\"target\":[\"https:\\\/\\\/www.diocese-montauban.fr\\\/grand-montauban\\\/paroisses\\\/ensemble-paroissial-de-reynies\\\/\"]}]},{\"@type\":\"ImageObject\",\"inLanguage\":\"fr-FR\",\"@id\":\"https:\\\/\\\/www.diocese-montauban.fr\\\/grand-montauban\\\/paroisses\\\/ensemble-paroissial-de-reynies\\\/#primaryimage\",\"url\":\"https:\\\/\\\/www.diocese-montauban.fr\\\/grand-montauban\\\/wp-content\\\/uploads\\\/sites\\\/2\\\/2023\\\/10\\\/carte-ensemble-paroissial-eglise-102023.jpg\",\"contentUrl\":\"https:\\\/\\\/www.diocese-montauban.fr\\\/grand-montauban\\\/wp-content\\\/uploads\\\/sites\\\/2\\\/2023\\\/10\\\/carte-ensemble-paroissial-eglise-102023.jpg\",\"width\":1094,\"height\":650},{\"@type\":\"BreadcrumbList\",\"@id\":\"https:\\\/\\\/www.diocese-montauban.fr\\\/grand-montauban\\\/paroisses\\\/ensemble-paroissial-de-reynies\\\/#breadcrumb\",\"itemListElement\":[{\"@type\":\"ListItem\",\"position\":1,\"name\":\"Accueil\",\"item\":\"https:\\\/\\\/www.diocese-montauban.fr\\\/grand-montauban\\\/\"},{\"@type\":\"ListItem\",\"position\":2,\"name\":\"Reyni\u00e8s\"}]},{\"@type\":\"WebSite\",\"@id\":\"https:\\\/\\\/www.diocese-montauban.fr\\\/grand-montauban\\\/#website\",\"url\":\"https:\\\/\\\/www.diocese-montauban.fr\\\/grand-montauban\\\/\",\"name\":\"Grand Montauban\",\"description\":\"Dioc\u00e8se de Montauban\",\"potentialAction\":[{\"@type\":\"SearchAction\",\"target\":{\"@type\":\"EntryPoint\",\"urlTemplate\":\"https:\\\/\\\/www.diocese-montauban.fr\\\/grand-montauban\\\/?s={search_term_string}\"},\"query-input\":{\"@type\":\"PropertyValueSpecification\",\"valueRequired\":true,\"valueName\":\"search_term_string\"}}],\"inLanguage\":\"fr-FR\"}]}<\/script>\n<!-- \/ Yoast SEO plugin. -->","yoast_head_json":{"title":"Reyni\u00e8s - Grand Montauban","description":"Page d'accueil des paroisses de Brial, Bressols, Corbarieu, Labastide-Saint-Pierre, Nohic, Orgueil, Reyni\u00e8s, Varennes et Villebrumier qui constituent l'Ensemble Paroissial de Reyni\u00e8s - Grand Montauban % %","robots":{"index":"index","follow":"follow","max-snippet":"max-snippet:-1","max-image-preview":"max-image-preview:large","max-video-preview":"max-video-preview:-1"},"canonical":"https:\/\/www.diocese-montauban.fr\/grand-montauban\/paroisses\/ensemble-paroissial-de-reynies\/","og_locale":"fr_FR","og_type":"article","og_title":"Reyni\u00e8s - Grand Montauban","og_description":"Page d'accueil des paroisses de Brial, Bressols, Corbarieu, Labastide-Saint-Pierre, Nohic, Orgueil, Reyni\u00e8s, Varennes et Villebrumier qui constituent l'Ensemble Paroissial de Reyni\u00e8s - Grand Montauban % %","og_url":"https:\/\/www.diocese-montauban.fr\/grand-montauban\/paroisses\/ensemble-paroissial-de-reynies\/","og_site_name":"Grand Montauban","article_modified_time":"2026-04-02T11:17:51+00:00","og_image":[{"width":1094,"height":650,"url":"https:\/\/www.diocese-montauban.fr\/grand-montauban\/wp-content\/uploads\/sites\/2\/2023\/10\/carte-ensemble-paroissial-eglise-102023.jpg","type":"image\/jpeg"}],"twitter_card":"summary_large_image","twitter_misc":{"Dur\u00e9e de lecture estim\u00e9e":"2 minutes"},"schema":{"@context":"https:\/\/schema.org","@graph":[{"@type":"WebPage","@id":"https:\/\/www.diocese-montauban.fr\/grand-montauban\/paroisses\/ensemble-paroissial-de-reynies\/","url":"https:\/\/www.diocese-montauban.fr\/grand-montauban\/paroisses\/ensemble-paroissial-de-reynies\/","name":"Reyni\u00e8s - Grand Montauban","isPartOf":{"@id":"https:\/\/www.diocese-montauban.fr\/grand-montauban\/#website"},"primaryImageOfPage":{"@id":"https:\/\/www.diocese-montauban.fr\/grand-montauban\/paroisses\/ensemble-paroissial-de-reynies\/#primaryimage"},"image":{"@id":"https:\/\/www.diocese-montauban.fr\/grand-montauban\/paroisses\/ensemble-paroissial-de-reynies\/#primaryimage"},"thumbnailUrl":"https:\/\/www.diocese-montauban.fr\/grand-montauban\/wp-content\/uploads\/sites\/2\/2023\/10\/carte-ensemble-paroissial-eglise-102023-600x356.jpg","datePublished":"2026-04-02T11:17:50+00:00","dateModified":"2026-04-02T11:17:51+00:00","description":"Page d'accueil des paroisses de Brial, Bressols, Corbarieu, Labastide-Saint-Pierre, Nohic, Orgueil, Reyni\u00e8s, Varennes et Villebrumier qui constituent l'Ensemble Paroissial de Reyni\u00e8s - Grand Montauban % %","breadcrumb":{"@id":"https:\/\/www.diocese-montauban.fr\/grand-montauban\/paroisses\/ensemble-paroissial-de-reynies\/#breadcrumb"},"inLanguage":"fr-FR","potentialAction":[{"@type":"ReadAction","target":["https:\/\/www.diocese-montauban.fr\/grand-montauban\/paroisses\/ensemble-paroissial-de-reynies\/"]}]},{"@type":"ImageObject","inLanguage":"fr-FR","@id":"https:\/\/www.diocese-montauban.fr\/grand-montauban\/paroisses\/ensemble-paroissial-de-reynies\/#primaryimage","url":"https:\/\/www.diocese-montauban.fr\/grand-montauban\/wp-content\/uploads\/sites\/2\/2023\/10\/carte-ensemble-paroissial-eglise-102023.jpg","contentUrl":"https:\/\/www.diocese-montauban.fr\/grand-montauban\/wp-content\/uploads\/sites\/2\/2023\/10\/carte-ensemble-paroissial-eglise-102023.jpg","width":1094,"height":650},{"@type":"BreadcrumbList","@id":"https:\/\/www.diocese-montauban.fr\/grand-montauban\/paroisses\/ensemble-paroissial-de-reynies\/#breadcrumb","itemListElement":[{"@type":"ListItem","position":1,"name":"Accueil","item":"https:\/\/www.diocese-montauban.fr\/grand-montauban\/"},{"@type":"ListItem","position":2,"name":"Reyni\u00e8s"}]},{"@type":"WebSite","@id":"https:\/\/www.diocese-montauban.fr\/grand-montauban\/#website","url":"https:\/\/www.diocese-montauban.fr\/grand-montauban\/","name":"Grand Montauban","description":"Dioc\u00e8se de Montauban","potentialAction":[{"@type":"SearchAction","target":{"@type":"EntryPoint","urlTemplate":"https:\/\/www.diocese-montauban.fr\/grand-montauban\/?s={search_term_string}"},"query-input":{"@type":"PropertyValueSpecification","valueRequired":true,"valueName":"search_term_string"}}],"inLanguage":"fr-FR"}]}},"_links":{"self":[{"href":"https:\/\/www.diocese-montauban.fr\/grand-montauban\/wp-json\/wp\/v2\/paroisse\/14","targetHints":{"allow":["GET"]}}],"collection":[{"href":"https:\/\/www.diocese-montauban.fr\/grand-montauban\/wp-json\/wp\/v2\/paroisse"}],"about":[{"href":"https:\/\/www.diocese-montauban.fr\/grand-montauban\/wp-json\/wp\/v2\/types\/paroisse"}],"author":[{"embeddable":true,"href":"https:\/\/www.diocese-montauban.fr\/grand-montauban\/wp-json\/wp\/v2\/users\/8"}],"version-history":[{"count":147,"href":"https:\/\/www.diocese-montauban.fr\/grand-montauban\/wp-json\/wp\/v2\/paroisse\/14\/revisions"}],"predecessor-version":[{"id":7523,"href":"https:\/\/www.diocese-montauban.fr\/grand-montauban\/wp-json\/wp\/v2\/paroisse\/14\/revisions\/7523"}],"wp:attachment":[{"href":"https:\/\/www.diocese-montauban.fr\/grand-montauban\/wp-json\/wp\/v2\/media?parent=14"}],"curies":[{"name":"wp","href":"https:\/\/api.w.org\/{rel}","templated":true}]}}