{"id":10,"date":"2020-09-27T13:40:18","date_gmt":"2020-09-27T11:40:18","guid":{"rendered":"https:\/\/www.diocese-montauban.fr\/zone-1\/?post_type=paroisse&#038;p=10"},"modified":"2025-09-08T18:39:52","modified_gmt":"2025-09-08T16:39:52","slug":"villebourbon","status":"publish","type":"paroisse","link":"https:\/\/www.diocese-montauban.fr\/grand-montauban\/paroisses\/villebourbon\/","title":{"rendered":"Villebourbon \u2022 Verlhaguet \u2022 Gasseras"},"content":{"rendered":"<div class=\"wp-block-image\">\n<figure class=\"alignright size-large\"><img decoding=\"async\" width=\"70\" height=\"103\" src=\"https:\/\/www.diocese-montauban.fr\/grand-montauban\/wp-content\/uploads\/sites\/2\/2021\/02\/image-6.jpeg\" alt=\"\" class=\"wp-image-136\"\/><\/figure>\n<\/div>\n\n\n<h3 class=\"wp-block-heading\">LE SECTEUR INTER-PAROISSIAL<\/h3>\n\n\n\n<p>Il&nbsp;comprend&nbsp;les paroisses de Gasseras, Villebourbon et Verlhaguet&nbsp;:&nbsp;<br>la partie de l&#8217;agglom\u00e9ration de la ville de Montauban situ\u00e9e sur la rive gauche du Tarn.&nbsp;<br>Ce quartier, avec la gare, fut longtemps industriel et ouvrier. Depuis l&#8217;inondation de 1930 et l&#8217;apr\u00e8s-guerre, il a perdu beaucoup de ses activit\u00e9s. Une partie cependant est tr\u00e8s commer\u00e7ante : l&#8217;avenue Aristide-Briand et la place Lalaque avec son march\u00e9 du mercredi.&nbsp;<br>Le plan actuel des Risques d&#8217;inondation paralyse son d\u00e9veloppement immobilier.&nbsp;<br>La majeure partie du quartier de la Bastiolle, un quartier r\u00e9sidentiel.&nbsp;<br>La nouvelle zone industrielle d&#8217;Albasud. Des entreprises et des grandes surfaces s&#8217;y sont install\u00e9es, mais le nombre d&#8217;habitants y a diminu\u00e9.&nbsp;<br>La paroisse compte environ 6 500 habitants.<\/p>\n\n\n\n<h3 class=\"wp-block-heading\">L&#8217;\u00c9GLISE DE VILLEBOURBON<\/h3>\n\n\n<div class=\"wp-block-image\">\n<figure class=\"alignleft size-large\"><img fetchpriority=\"high\" decoding=\"async\" width=\"197\" height=\"280\" src=\"https:\/\/www.diocese-montauban.fr\/grand-montauban\/wp-content\/uploads\/sites\/2\/2020\/11\/image-8.jpeg\" alt=\"\" class=\"wp-image-46\"\/><\/figure>\n<\/div>\n\n\n<p>Elle est d\u00e9di\u00e9 \u00e0 St. Orens, un \u00e9v\u00eaque d&#8217;Auch qui v\u00e9cut au V<sup>e<\/sup>&nbsp;si\u00e8cle.&nbsp;<br>La premi\u00e8re \u00e9glise du quartier existait \u00e0 l&#8217;entr\u00e9e du Pont Vieux au XIV<sup>e<\/sup>&nbsp;si\u00e8cle. C&#8217;\u00e9tait une annexe de la paroisse de Gasseras. D\u00e9truite par les guerres de religion, une nouvelle \u00e9glise St. Orens fut reconstruite en 1650 \u00ab entre la rue Toulousaine et le Carreirou des Prisonniers \u00bb, pr\u00e8s de l&#8217;emplacement de l&#8217;\u00e9glise actuelle. Emport\u00e9e par une inondation du Tarn en 1652, elle sera \u00e0 nouveau reconstruite en 1660 en attendant qu&#8217;elle ne soit agrandie en 1757. Devenue, elle aussi trop petite, elle sera d\u00e9molie et remplac\u00e9e par l&#8217;\u00e9glise actuelle dont la construction a dur\u00e9 plus de vingt ans de 1870 \u00e0 1891. Le clocher fut construit en 1935. On reconna\u00eet unanimement que cette \u00e9glise n\u00e9o-gothique est une r\u00e9ussite architecturale de la fin du XIX<sup>e<\/sup>&nbsp;si\u00e8cle. En 1992, des travaux l&#8217;ont adapt\u00e9e aux normes liturgiques du Concile Vatican II : mise en valeur d&#8217;un bel autel de marbre rouge qui se trouvait auparavant dans la chapelle du Monast\u00e8re N.D. de Charit\u00e9 du Refuge, c\u00f4te de Sapiac.&nbsp;<\/p>\n\n\n<div class=\"wp-block-image\">\n<figure class=\"alignright size-large\"><img decoding=\"async\" width=\"156\" height=\"280\" src=\"https:\/\/www.diocese-montauban.fr\/grand-montauban\/wp-content\/uploads\/sites\/2\/2020\/11\/image_preview.jpeg\" alt=\"\" class=\"wp-image-47\"\/><\/figure>\n<\/div>\n\n\n<p>De nombreux objets d&#8217;art provenant des \u00e9glises ant\u00e9rieures y sont conserv\u00e9s : statues de la Vierge, de St.Orens, tableaux des XVII<sup>e<\/sup>&nbsp;et XVII<sup>e<\/sup>si\u00e8cles, reliquaire de St. Orens. L&#8217;\u00e9glise est aussi orn\u00e9e de beaux vitraux de la fin du XIX<sup>e<\/sup>&nbsp;si\u00e8cle (le ch\u0153ur de l&#8217;\u00e9glise et les chapelles \u00e0 la gloire de la Vierge Marie) et du XX<sup>e<\/sup>si\u00e8cle (vitrail rappelant le sacrifice d&#8217;Adolphe Poult).<\/p>\n\n\n\n<p>Le ch\u0153ur de l\u2019\u00e9glise est l\u2019espace sacr\u00e9 dans lequel est c\u00e9l\u00e9br\u00e9 le Sacrifice de la Messe. Les deux triptyques qui sont \u00e0 droite et \u00e0 gauche sont pr\u00e9sents dans le ch\u0153ur toute l\u2019ann\u00e9e liturgique.<\/p>\n\n\n\n<hr class=\"wp-block-separator has-css-opacity w-100\"\/>\n\n\n\n<p><\/p>\n\n\n\n<figure class=\"wp-block-gallery has-nested-images columns-default is-cropped wp-block-gallery-1 is-layout-flex wp-block-gallery-is-layout-flex\">\n<figure class=\"wp-block-image size-large\"><img loading=\"lazy\" decoding=\"async\" width=\"1024\" height=\"683\" data-id=\"48\" src=\"https:\/\/www.diocese-montauban.fr\/grand-montauban\/wp-content\/uploads\/sites\/2\/2020\/11\/chur-saint-orens-20190530-03-1.jpg\" alt=\"\" class=\"wp-image-48\" srcset=\"https:\/\/www.diocese-montauban.fr\/grand-montauban\/wp-content\/uploads\/sites\/2\/2020\/11\/chur-saint-orens-20190530-03-1.jpg 1024w, https:\/\/www.diocese-montauban.fr\/grand-montauban\/wp-content\/uploads\/sites\/2\/2020\/11\/chur-saint-orens-20190530-03-1-600x400.jpg 600w, https:\/\/www.diocese-montauban.fr\/grand-montauban\/wp-content\/uploads\/sites\/2\/2020\/11\/chur-saint-orens-20190530-03-1-768x512.jpg 768w\" sizes=\"(max-width: 1024px) 100vw, 1024px\" \/><\/figure>\n\n\n\n<figure class=\"wp-block-image size-large\"><img loading=\"lazy\" decoding=\"async\" width=\"1024\" height=\"683\" data-id=\"49\" src=\"https:\/\/www.diocese-montauban.fr\/grand-montauban\/wp-content\/uploads\/sites\/2\/2020\/11\/chur-saint-orens-20190530-04-1.jpg\" alt=\"\" class=\"wp-image-49\" srcset=\"https:\/\/www.diocese-montauban.fr\/grand-montauban\/wp-content\/uploads\/sites\/2\/2020\/11\/chur-saint-orens-20190530-04-1.jpg 1024w, https:\/\/www.diocese-montauban.fr\/grand-montauban\/wp-content\/uploads\/sites\/2\/2020\/11\/chur-saint-orens-20190530-04-1-600x400.jpg 600w, https:\/\/www.diocese-montauban.fr\/grand-montauban\/wp-content\/uploads\/sites\/2\/2020\/11\/chur-saint-orens-20190530-04-1-768x512.jpg 768w\" sizes=\"(max-width: 1024px) 100vw, 1024px\" \/><\/figure>\n<\/figure>\n\n\n\n<p>\u00c0 gauche se trouve l\u2019ic\u00f4ne de l\u2019Ascension (copie d\u2019ic\u00f4ne contemporaine d&#8217;apr\u00e8s le psautier d&#8217;Ingeburge, XII<sup>e<\/sup>&nbsp;si\u00e8cle) et \u00e0 droite celle de la Pentec\u00f4te (copie d\u2019ic\u00f4ne contemporaine). Elles ont \u00e9t\u00e9 plac\u00e9es dans le ch\u0153ur pour la neuvaine \u00e0 l\u2019Esprit-Saint \u00e0 la fin du temps pascal.<\/p>\n\n\n\n<figure class=\"wp-block-gallery has-nested-images columns-2 wp-block-gallery-2 is-layout-flex wp-block-gallery-is-layout-flex\">\n<figure class=\"wp-block-image size-large\"><img loading=\"lazy\" decoding=\"async\" width=\"1024\" height=\"683\" data-id=\"50\" src=\"https:\/\/www.diocese-montauban.fr\/grand-montauban\/wp-content\/uploads\/sites\/2\/2020\/11\/chur-saint-orens-20190530-05-1.jpg\" alt=\"\" class=\"wp-image-50\" srcset=\"https:\/\/www.diocese-montauban.fr\/grand-montauban\/wp-content\/uploads\/sites\/2\/2020\/11\/chur-saint-orens-20190530-05-1.jpg 1024w, https:\/\/www.diocese-montauban.fr\/grand-montauban\/wp-content\/uploads\/sites\/2\/2020\/11\/chur-saint-orens-20190530-05-1-600x400.jpg 600w, https:\/\/www.diocese-montauban.fr\/grand-montauban\/wp-content\/uploads\/sites\/2\/2020\/11\/chur-saint-orens-20190530-05-1-768x512.jpg 768w\" sizes=\"(max-width: 1024px) 100vw, 1024px\" \/><figcaption class=\"wp-element-caption\">Les trois ic\u00f4nes Marie, archange Gabriel et l\u2019ap\u00f4tre Pierre montrent l\u2019autel.<\/figcaption><\/figure>\n\n\n\n<figure class=\"wp-block-image size-large\"><img loading=\"lazy\" decoding=\"async\" width=\"1024\" height=\"683\" data-id=\"51\" src=\"https:\/\/www.diocese-montauban.fr\/grand-montauban\/wp-content\/uploads\/sites\/2\/2020\/11\/chur-saint-orens-20190530-06-1.jpg\" alt=\"\" class=\"wp-image-51\" srcset=\"https:\/\/www.diocese-montauban.fr\/grand-montauban\/wp-content\/uploads\/sites\/2\/2020\/11\/chur-saint-orens-20190530-06-1.jpg 1024w, https:\/\/www.diocese-montauban.fr\/grand-montauban\/wp-content\/uploads\/sites\/2\/2020\/11\/chur-saint-orens-20190530-06-1-600x400.jpg 600w, https:\/\/www.diocese-montauban.fr\/grand-montauban\/wp-content\/uploads\/sites\/2\/2020\/11\/chur-saint-orens-20190530-06-1-768x512.jpg 768w\" sizes=\"(max-width: 1024px) 100vw, 1024px\" \/><figcaption class=\"wp-element-caption\">Les trois ic\u00f4nes Jean le Baptiste, archange Michel et l\u2019ap\u00f4tre Paul montrent l\u2019autel.<\/figcaption><\/figure>\n<\/figure>\n\n\n<div class=\"wp-block-image\">\n<figure class=\"aligncenter size-large\"><img loading=\"lazy\" decoding=\"async\" width=\"683\" height=\"1024\" src=\"https:\/\/www.diocese-montauban.fr\/grand-montauban\/wp-content\/uploads\/sites\/2\/2020\/11\/chur-saint-orens-20190530-11-1.jpg\" alt=\"\" class=\"wp-image-52\" srcset=\"https:\/\/www.diocese-montauban.fr\/grand-montauban\/wp-content\/uploads\/sites\/2\/2020\/11\/chur-saint-orens-20190530-11-1.jpg 683w, https:\/\/www.diocese-montauban.fr\/grand-montauban\/wp-content\/uploads\/sites\/2\/2020\/11\/chur-saint-orens-20190530-11-1-400x600.jpg 400w\" sizes=\"(max-width: 683px) 100vw, 683px\" \/><figcaption class=\"wp-element-caption\">La croix (Christ Roi et Pr\u00eatre) qui se trouve au-dessus du tabernacle est inspir\u00e9e de l\u2019art roman catalan.<br>L\u2019ic\u00f4ne repr\u00e9sente le Christ en majest\u00e9 (copie du XV<sup>e<\/sup>&nbsp;si\u00e8cle).<\/figcaption><\/figure>\n<\/div>\n\n\n<h3 class=\"wp-block-heading\">MESSES DANS LA PAROISSE<\/h3>\n\n\n\n<p><strong>Dimanche et f\u00eates&nbsp;:<\/strong><\/p>\n\n\n\n<ul class=\"wp-block-list\">\n<li>Messe \u00e0 11&nbsp;h<\/li>\n\n\n\n<li>Messe anticip\u00e9e la veille \u00e0 18&nbsp;h<\/li>\n<\/ul>\n\n\n\n<p><strong>En semaine&nbsp;<strong>(\u00e0 v\u00e9rifier sur le site <a href=\"https:\/\/www.messes.info\/communaute\/mt\/82\/saint-orens-villebourbon\">messes.info<\/a>)<\/strong><\/strong> :<\/p>\n\n\n\n<ul class=\"wp-block-list\">\n<li>Mercredi et vendredi \u00e0 9 h<\/li>\n<\/ul>\n\n\n\n<p><strong>Equipe Pastorale\u00a0:<\/strong><br>G\u00e9rard MAGOT, Agn\u00e8s de SAINT-SERNIN, Yannick TREILHOU<\/p>\n\n\n\n<p><strong>Conseil \u00c9conomique<\/strong>:  Ir\u00e8ne CHAUBET, Marcelle BASCOUL, G\u00e9rard MAGOT, Pierre THERON, Roch de SAINT-SERNIN, Jean-Pierre LECOMTE<\/p>\n\n\n\n<h6 class=\"wp-block-heading\">CONFESSIONS<\/h6>\n\n\n\n<ul class=\"wp-block-list\">\n<li>17&nbsp;h &#8211; 18&nbsp;h du lundi au samedi \u00e0 Saint-Joseph<\/li>\n\n\n\n<li>9&nbsp;h&nbsp;30 &#8211; 11&nbsp;h&nbsp;30 le samedi \u00e0 Saint-Joseph<\/li>\n<\/ul>\n\n\n\n<p><\/p>\n","protected":false},"author":1,"featured_media":0,"parent":0,"menu_order":18,"template":"","meta":{"_acf_changed":false,"footnotes":""},"class_list":["post-10","paroisse","type-paroisse","status-publish","hentry"],"acf":[],"yoast_head":"<!-- This site is optimized with the Yoast SEO plugin v27.3 - https:\/\/yoast.com\/product\/yoast-seo-wordpress\/ -->\n<title>Villebourbon \u2022 Verlhaguet \u2022 Gasseras - Grand Montauban<\/title>\n<meta name=\"robots\" content=\"index, follow, max-snippet:-1, max-image-preview:large, max-video-preview:-1\" \/>\n<link rel=\"canonical\" href=\"https:\/\/www.diocese-montauban.fr\/grand-montauban\/paroisses\/villebourbon\/\" \/>\n<meta property=\"og:locale\" content=\"fr_FR\" \/>\n<meta property=\"og:type\" content=\"article\" \/>\n<meta property=\"og:title\" content=\"Villebourbon \u2022 Verlhaguet \u2022 Gasseras - Grand Montauban\" \/>\n<meta property=\"og:description\" content=\"LE SECTEUR INTER-PAROISSIAL Il&nbsp;comprend&nbsp;les paroisses de Gasseras, Villebourbon et Verlhaguet&nbsp;:&nbsp;la partie de l&#8217;agglom\u00e9ration de la ville de Montauban situ\u00e9e sur la rive gauche du Tarn.&nbsp;Ce quartier, avec la gare, fut [&hellip;]\" \/>\n<meta property=\"og:url\" content=\"https:\/\/www.diocese-montauban.fr\/grand-montauban\/paroisses\/villebourbon\/\" \/>\n<meta property=\"og:site_name\" content=\"Grand Montauban\" \/>\n<meta property=\"article:modified_time\" content=\"2025-09-08T16:39:52+00:00\" \/>\n<meta property=\"og:image\" content=\"https:\/\/www.diocese-montauban.fr\/grand-montauban\/wp-content\/uploads\/sites\/2\/2021\/02\/image-6.jpeg\" \/>\n<meta name=\"twitter:card\" content=\"summary_large_image\" \/>\n<meta name=\"twitter:label1\" content=\"Dur\u00e9e de lecture estim\u00e9e\" \/>\n\t<meta name=\"twitter:data1\" content=\"5 minutes\" \/>\n<script type=\"application\/ld+json\" class=\"yoast-schema-graph\">{\"@context\":\"https:\\\/\\\/schema.org\",\"@graph\":[{\"@type\":\"WebPage\",\"@id\":\"https:\\\/\\\/www.diocese-montauban.fr\\\/grand-montauban\\\/paroisses\\\/villebourbon\\\/\",\"url\":\"https:\\\/\\\/www.diocese-montauban.fr\\\/grand-montauban\\\/paroisses\\\/villebourbon\\\/\",\"name\":\"Villebourbon \u2022 Verlhaguet \u2022 Gasseras - Grand Montauban\",\"isPartOf\":{\"@id\":\"https:\\\/\\\/www.diocese-montauban.fr\\\/grand-montauban\\\/#website\"},\"primaryImageOfPage\":{\"@id\":\"https:\\\/\\\/www.diocese-montauban.fr\\\/grand-montauban\\\/paroisses\\\/villebourbon\\\/#primaryimage\"},\"image\":{\"@id\":\"https:\\\/\\\/www.diocese-montauban.fr\\\/grand-montauban\\\/paroisses\\\/villebourbon\\\/#primaryimage\"},\"thumbnailUrl\":\"https:\\\/\\\/www.diocese-montauban.fr\\\/grand-montauban\\\/wp-content\\\/uploads\\\/sites\\\/2\\\/2021\\\/02\\\/image-6.jpeg\",\"datePublished\":\"2020-09-27T11:40:18+00:00\",\"dateModified\":\"2025-09-08T16:39:52+00:00\",\"breadcrumb\":{\"@id\":\"https:\\\/\\\/www.diocese-montauban.fr\\\/grand-montauban\\\/paroisses\\\/villebourbon\\\/#breadcrumb\"},\"inLanguage\":\"fr-FR\",\"potentialAction\":[{\"@type\":\"ReadAction\",\"target\":[\"https:\\\/\\\/www.diocese-montauban.fr\\\/grand-montauban\\\/paroisses\\\/villebourbon\\\/\"]}]},{\"@type\":\"ImageObject\",\"inLanguage\":\"fr-FR\",\"@id\":\"https:\\\/\\\/www.diocese-montauban.fr\\\/grand-montauban\\\/paroisses\\\/villebourbon\\\/#primaryimage\",\"url\":\"https:\\\/\\\/www.diocese-montauban.fr\\\/grand-montauban\\\/wp-content\\\/uploads\\\/sites\\\/2\\\/2021\\\/02\\\/image-6.jpeg\",\"contentUrl\":\"https:\\\/\\\/www.diocese-montauban.fr\\\/grand-montauban\\\/wp-content\\\/uploads\\\/sites\\\/2\\\/2021\\\/02\\\/image-6.jpeg\",\"width\":70,\"height\":103},{\"@type\":\"BreadcrumbList\",\"@id\":\"https:\\\/\\\/www.diocese-montauban.fr\\\/grand-montauban\\\/paroisses\\\/villebourbon\\\/#breadcrumb\",\"itemListElement\":[{\"@type\":\"ListItem\",\"position\":1,\"name\":\"Accueil\",\"item\":\"https:\\\/\\\/www.diocese-montauban.fr\\\/grand-montauban\\\/\"},{\"@type\":\"ListItem\",\"position\":2,\"name\":\"Villebourbon \u2022 Verlhaguet \u2022 Gasseras\"}]},{\"@type\":\"WebSite\",\"@id\":\"https:\\\/\\\/www.diocese-montauban.fr\\\/grand-montauban\\\/#website\",\"url\":\"https:\\\/\\\/www.diocese-montauban.fr\\\/grand-montauban\\\/\",\"name\":\"Grand Montauban\",\"description\":\"Dioc\u00e8se de Montauban\",\"potentialAction\":[{\"@type\":\"SearchAction\",\"target\":{\"@type\":\"EntryPoint\",\"urlTemplate\":\"https:\\\/\\\/www.diocese-montauban.fr\\\/grand-montauban\\\/?s={search_term_string}\"},\"query-input\":{\"@type\":\"PropertyValueSpecification\",\"valueRequired\":true,\"valueName\":\"search_term_string\"}}],\"inLanguage\":\"fr-FR\"}]}<\/script>\n<!-- \/ Yoast SEO plugin. -->","yoast_head_json":{"title":"Villebourbon \u2022 Verlhaguet \u2022 Gasseras - Grand Montauban","robots":{"index":"index","follow":"follow","max-snippet":"max-snippet:-1","max-image-preview":"max-image-preview:large","max-video-preview":"max-video-preview:-1"},"canonical":"https:\/\/www.diocese-montauban.fr\/grand-montauban\/paroisses\/villebourbon\/","og_locale":"fr_FR","og_type":"article","og_title":"Villebourbon \u2022 Verlhaguet \u2022 Gasseras - Grand Montauban","og_description":"LE SECTEUR INTER-PAROISSIAL Il&nbsp;comprend&nbsp;les paroisses de Gasseras, Villebourbon et Verlhaguet&nbsp;:&nbsp;la partie de l&#8217;agglom\u00e9ration de la ville de Montauban situ\u00e9e sur la rive gauche du Tarn.&nbsp;Ce quartier, avec la gare, fut [&hellip;]","og_url":"https:\/\/www.diocese-montauban.fr\/grand-montauban\/paroisses\/villebourbon\/","og_site_name":"Grand Montauban","article_modified_time":"2025-09-08T16:39:52+00:00","og_image":[{"url":"https:\/\/www.diocese-montauban.fr\/grand-montauban\/wp-content\/uploads\/sites\/2\/2021\/02\/image-6.jpeg","type":"","width":"","height":""}],"twitter_card":"summary_large_image","twitter_misc":{"Dur\u00e9e de lecture estim\u00e9e":"5 minutes"},"schema":{"@context":"https:\/\/schema.org","@graph":[{"@type":"WebPage","@id":"https:\/\/www.diocese-montauban.fr\/grand-montauban\/paroisses\/villebourbon\/","url":"https:\/\/www.diocese-montauban.fr\/grand-montauban\/paroisses\/villebourbon\/","name":"Villebourbon \u2022 Verlhaguet \u2022 Gasseras - Grand Montauban","isPartOf":{"@id":"https:\/\/www.diocese-montauban.fr\/grand-montauban\/#website"},"primaryImageOfPage":{"@id":"https:\/\/www.diocese-montauban.fr\/grand-montauban\/paroisses\/villebourbon\/#primaryimage"},"image":{"@id":"https:\/\/www.diocese-montauban.fr\/grand-montauban\/paroisses\/villebourbon\/#primaryimage"},"thumbnailUrl":"https:\/\/www.diocese-montauban.fr\/grand-montauban\/wp-content\/uploads\/sites\/2\/2021\/02\/image-6.jpeg","datePublished":"2020-09-27T11:40:18+00:00","dateModified":"2025-09-08T16:39:52+00:00","breadcrumb":{"@id":"https:\/\/www.diocese-montauban.fr\/grand-montauban\/paroisses\/villebourbon\/#breadcrumb"},"inLanguage":"fr-FR","potentialAction":[{"@type":"ReadAction","target":["https:\/\/www.diocese-montauban.fr\/grand-montauban\/paroisses\/villebourbon\/"]}]},{"@type":"ImageObject","inLanguage":"fr-FR","@id":"https:\/\/www.diocese-montauban.fr\/grand-montauban\/paroisses\/villebourbon\/#primaryimage","url":"https:\/\/www.diocese-montauban.fr\/grand-montauban\/wp-content\/uploads\/sites\/2\/2021\/02\/image-6.jpeg","contentUrl":"https:\/\/www.diocese-montauban.fr\/grand-montauban\/wp-content\/uploads\/sites\/2\/2021\/02\/image-6.jpeg","width":70,"height":103},{"@type":"BreadcrumbList","@id":"https:\/\/www.diocese-montauban.fr\/grand-montauban\/paroisses\/villebourbon\/#breadcrumb","itemListElement":[{"@type":"ListItem","position":1,"name":"Accueil","item":"https:\/\/www.diocese-montauban.fr\/grand-montauban\/"},{"@type":"ListItem","position":2,"name":"Villebourbon \u2022 Verlhaguet \u2022 Gasseras"}]},{"@type":"WebSite","@id":"https:\/\/www.diocese-montauban.fr\/grand-montauban\/#website","url":"https:\/\/www.diocese-montauban.fr\/grand-montauban\/","name":"Grand Montauban","description":"Dioc\u00e8se de Montauban","potentialAction":[{"@type":"SearchAction","target":{"@type":"EntryPoint","urlTemplate":"https:\/\/www.diocese-montauban.fr\/grand-montauban\/?s={search_term_string}"},"query-input":{"@type":"PropertyValueSpecification","valueRequired":true,"valueName":"search_term_string"}}],"inLanguage":"fr-FR"}]}},"_links":{"self":[{"href":"https:\/\/www.diocese-montauban.fr\/grand-montauban\/wp-json\/wp\/v2\/paroisse\/10","targetHints":{"allow":["GET"]}}],"collection":[{"href":"https:\/\/www.diocese-montauban.fr\/grand-montauban\/wp-json\/wp\/v2\/paroisse"}],"about":[{"href":"https:\/\/www.diocese-montauban.fr\/grand-montauban\/wp-json\/wp\/v2\/types\/paroisse"}],"author":[{"embeddable":true,"href":"https:\/\/www.diocese-montauban.fr\/grand-montauban\/wp-json\/wp\/v2\/users\/1"}],"version-history":[{"count":18,"href":"https:\/\/www.diocese-montauban.fr\/grand-montauban\/wp-json\/wp\/v2\/paroisse\/10\/revisions"}],"predecessor-version":[{"id":7492,"href":"https:\/\/www.diocese-montauban.fr\/grand-montauban\/wp-json\/wp\/v2\/paroisse\/10\/revisions\/7492"}],"wp:attachment":[{"href":"https:\/\/www.diocese-montauban.fr\/grand-montauban\/wp-json\/wp\/v2\/media?parent=10"}],"curies":[{"name":"wp","href":"https:\/\/api.w.org\/{rel}","templated":true}]}}